{"id":50,"date":"2018-09-14T15:10:27","date_gmt":"2018-09-14T14:10:27","guid":{"rendered":"https:\/\/pizzalabellavita.wordpress.com\/?page_id=2"},"modified":"2022-04-05T14:35:16","modified_gmt":"2022-04-05T12:35:16","slug":"a-propos","status":"publish","type":"page","link":"https:\/\/www.pizzalabellavita.fr\/index.php\/a-propos\/","title":{"rendered":"\u00c0 propos"},"content":{"rendered":"\n<p class=\"has-text-align-center has-large-font-size\"><b>Pizza \u00e0 emporter \u00e0 11\u20ac<\/b><\/p>\n\n\n\n<p class=\"has-text-align-center has-medium-font-size\"><b>Cuites au feu de bois<\/b><\/p>\n\n\n\n<p class=\"has-text-align-center has-medium-font-size\"><b>Fabrication de la p\u00e2te artisanale faite chaque jour par nos soins !<\/b><\/p>\n\n\n\n<p class=\"has-text-align-center\">Je suis dans la cuisine italienne depuis plus de 15 ans. J&rsquo;ai \u00e9t\u00e9 form\u00e9 au restaurant gastronomique M\u00e9ridien Montparnasse \u00e0 Paris puis chef de cuisine \u00e0 21 ans au Fi Motel \u00e0 Cannes.<\/p>\n\n\n\n<p class=\"has-text-align-center\">Je vous propose mes services le weekend par exemple pour les enterrements de vie de gar\u00e7on, anniversaire, etc&#8230; pour un minimum de 25 pizzas.<\/p>\n\n\n\n<div class=\"wp-block-image\"><figure class=\"aligncenter\"><img data-recalc-dims=\"1\" decoding=\"async\" width=\"525\" height=\"394\" data-attachment-id=\"173\" data-permalink=\"https:\/\/www.pizzalabellavita.fr\/index.php\/a-propos\/img_20190301_195816-3\/\" data-orig-file=\"https:\/\/i0.wp.com\/www.pizzalabellavita.fr\/wp-content\/uploads\/2019\/03\/IMG_20190301_195816-1-e1552236422834.jpg?fit=4608%2C3456&amp;ssl=1\" data-orig-size=\"4608,3456\" data-comments-opened=\"1\" data-image-meta=\"{&quot;aperture&quot;:&quot;1.7&quot;,&quot;credit&quot;:&quot;&quot;,&quot;camera&quot;:&quot;ONEPLUS A6003&quot;,&quot;caption&quot;:&quot;&quot;,&quot;created_timestamp&quot;:&quot;1551470297&quot;,&quot;copyright&quot;:&quot;&quot;,&quot;focal_length&quot;:&quot;4.25&quot;,&quot;iso&quot;:&quot;160&quot;,&quot;shutter_speed&quot;:&quot;0.03030303030303&quot;,&quot;title&quot;:&quot;&quot;,&quot;orientation&quot;:&quot;3&quot;}\" data-image-title=\"IMG_20190301_195816\" data-image-description=\"\" data-image-caption=\"\" data-medium-file=\"https:\/\/i0.wp.com\/www.pizzalabellavita.fr\/wp-content\/uploads\/2019\/03\/IMG_20190301_195816-1-e1552236422834.jpg?fit=300%2C225&amp;ssl=1\" data-large-file=\"https:\/\/i0.wp.com\/www.pizzalabellavita.fr\/wp-content\/uploads\/2019\/03\/IMG_20190301_195816-1-e1552236422834.jpg?fit=525%2C394&amp;ssl=1\" src=\"https:\/\/i0.wp.com\/www.pizzalabellavita.fr\/wp-content\/uploads\/2019\/03\/IMG_20190301_195816-1-e1552236422834-1024x768.jpg?resize=525%2C394&#038;ssl=1\" alt=\"\" class=\"wp-image-173\" srcset=\"https:\/\/i0.wp.com\/www.pizzalabellavita.fr\/wp-content\/uploads\/2019\/03\/IMG_20190301_195816-1-e1552236422834.jpg?resize=1024%2C768&amp;ssl=1 1024w, https:\/\/i0.wp.com\/www.pizzalabellavita.fr\/wp-content\/uploads\/2019\/03\/IMG_20190301_195816-1-e1552236422834.jpg?resize=300%2C225&amp;ssl=1 300w, https:\/\/i0.wp.com\/www.pizzalabellavita.fr\/wp-content\/uploads\/2019\/03\/IMG_20190301_195816-1-e1552236422834.jpg?resize=768%2C576&amp;ssl=1 768w, https:\/\/i0.wp.com\/www.pizzalabellavita.fr\/wp-content\/uploads\/2019\/03\/IMG_20190301_195816-1-e1552236422834.jpg?w=1575&amp;ssl=1 1575w\" sizes=\"(max-width: 767px) 89vw, (max-width: 1000px) 54vw, (max-width: 1071px) 543px, 580px\" \/><\/figure><\/div>\n","protected":false},"excerpt":{"rendered":"<p>Pizza \u00e0 emporter \u00e0 11\u20ac Cuites au feu de bois Fabrication de la p\u00e2te artisanale faite chaque jour par nos soins ! Je suis dans la cuisine italienne depuis plus de 15 ans. J&rsquo;ai \u00e9t\u00e9 form\u00e9 au restaurant gastronomique M\u00e9ridien Montparnasse \u00e0 Paris puis chef de cuisine \u00e0 21 ans au Fi Motel \u00e0 Cannes. &hellip; <\/p>\n<p class=\"link-more\"><a href=\"https:\/\/www.pizzalabellavita.fr\/index.php\/a-propos\/\" class=\"more-link\">Continuer la lecture<span class=\"screen-reader-text\"> de &laquo;&nbsp;\u00c0 propos&nbsp;&raquo;<\/span><\/a><\/p>\n","protected":false},"author":1,"featured_media":0,"parent":0,"menu_order":1,"comment_status":"closed","ping_status":"closed","template":"","meta":{"jetpack_post_was_ever_published":false,"footnotes":""},"class_list":["post-50","page","type-page","status-publish","hentry"],"yoast_head":"<!-- This site is optimized with the Yoast SEO plugin v24.7 - https:\/\/yoast.com\/wordpress\/plugins\/seo\/ -->\n<title>\u00c0 propos - La Bella Vita Pizza \u00e0 emporter<\/title>\n<meta name=\"robots\" content=\"index, follow, max-snippet:-1, max-image-preview:large, max-video-preview:-1\" \/>\n<link rel=\"canonical\" href=\"https:\/\/www.pizzalabellavita.fr\/index.php\/a-propos\/\" \/>\n<meta property=\"og:locale\" content=\"fr_FR\" \/>\n<meta property=\"og:type\" content=\"article\" \/>\n<meta property=\"og:title\" content=\"\u00c0 propos - La Bella Vita Pizza \u00e0 emporter\" \/>\n<meta property=\"og:description\" content=\"Pizza \u00e0 emporter \u00e0 11\u20ac Cuites au feu de bois Fabrication de la p\u00e2te artisanale faite chaque jour par nos soins ! Je suis dans la cuisine italienne depuis plus de 15 ans. J&rsquo;ai \u00e9t\u00e9 form\u00e9 au restaurant gastronomique M\u00e9ridien Montparnasse \u00e0 Paris puis chef de cuisine \u00e0 21 ans au Fi Motel \u00e0 Cannes. &hellip; Continuer la lecture de &laquo;&nbsp;\u00c0 propos&nbsp;&raquo;\" \/>\n<meta property=\"og:url\" content=\"https:\/\/www.pizzalabellavita.fr\/index.php\/a-propos\/\" \/>\n<meta property=\"og:site_name\" content=\"La Bella Vita Pizza \u00e0 emporter\" \/>\n<meta property=\"article:publisher\" content=\"https:\/\/www.facebook.com\/pizzalabellavita\/\" \/>\n<meta property=\"article:modified_time\" content=\"2022-04-05T12:35:16+00:00\" \/>\n<meta property=\"og:image\" content=\"https:\/\/www.pizzalabellavita.fr\/wp-content\/uploads\/2019\/03\/IMG_20190301_195816-1-e1552236422834-1024x768.jpg\" \/>\n<meta name=\"twitter:card\" content=\"summary_large_image\" \/>\n<meta name=\"twitter:site\" content=\"@pizza_vita\" \/>\n<meta name=\"twitter:label1\" content=\"Dur\u00e9e de lecture estim\u00e9e\" \/>\n\t<meta name=\"twitter:data1\" content=\"1 minute\" \/>\n<script type=\"application\/ld+json\" class=\"yoast-schema-graph\">{\"@context\":\"https:\/\/schema.org\",\"@graph\":[{\"@type\":\"WebPage\",\"@id\":\"https:\/\/www.pizzalabellavita.fr\/index.php\/a-propos\/\",\"url\":\"https:\/\/www.pizzalabellavita.fr\/index.php\/a-propos\/\",\"name\":\"\u00c0 propos - La Bella Vita Pizza \u00e0 emporter\",\"isPartOf\":{\"@id\":\"https:\/\/www.pizzalabellavita.fr\/#website\"},\"primaryImageOfPage\":{\"@id\":\"https:\/\/www.pizzalabellavita.fr\/index.php\/a-propos\/#primaryimage\"},\"image\":{\"@id\":\"https:\/\/www.pizzalabellavita.fr\/index.php\/a-propos\/#primaryimage\"},\"thumbnailUrl\":\"https:\/\/www.pizzalabellavita.fr\/wp-content\/uploads\/2019\/03\/IMG_20190301_195816-1-e1552236422834-1024x768.jpg\",\"datePublished\":\"2018-09-14T14:10:27+00:00\",\"dateModified\":\"2022-04-05T12:35:16+00:00\",\"breadcrumb\":{\"@id\":\"https:\/\/www.pizzalabellavita.fr\/index.php\/a-propos\/#breadcrumb\"},\"inLanguage\":\"fr-FR\",\"potentialAction\":[{\"@type\":\"ReadAction\",\"target\":[\"https:\/\/www.pizzalabellavita.fr\/index.php\/a-propos\/\"]}]},{\"@type\":\"ImageObject\",\"inLanguage\":\"fr-FR\",\"@id\":\"https:\/\/www.pizzalabellavita.fr\/index.php\/a-propos\/#primaryimage\",\"url\":\"https:\/\/i0.wp.com\/www.pizzalabellavita.fr\/wp-content\/uploads\/2019\/03\/IMG_20190301_195816-1-e1552236422834.jpg?fit=4608%2C3456&ssl=1\",\"contentUrl\":\"https:\/\/i0.wp.com\/www.pizzalabellavita.fr\/wp-content\/uploads\/2019\/03\/IMG_20190301_195816-1-e1552236422834.jpg?fit=4608%2C3456&ssl=1\",\"width\":4608,\"height\":3456},{\"@type\":\"BreadcrumbList\",\"@id\":\"https:\/\/www.pizzalabellavita.fr\/index.php\/a-propos\/#breadcrumb\",\"itemListElement\":[{\"@type\":\"ListItem\",\"position\":1,\"name\":\"Accueil\",\"item\":\"https:\/\/www.pizzalabellavita.fr\/\"},{\"@type\":\"ListItem\",\"position\":2,\"name\":\"\u00c0 propos\"}]},{\"@type\":\"WebSite\",\"@id\":\"https:\/\/www.pizzalabellavita.fr\/#website\",\"url\":\"https:\/\/www.pizzalabellavita.fr\/\",\"name\":\"Pizza La Bella Vita\",\"description\":\"Toutes mes pizzas sont \u00e0 11\u20ac\",\"publisher\":{\"@id\":\"https:\/\/www.pizzalabellavita.fr\/#organization\"},\"potentialAction\":[{\"@type\":\"SearchAction\",\"target\":{\"@type\":\"EntryPoint\",\"urlTemplate\":\"https:\/\/www.pizzalabellavita.fr\/?s={search_term_string}\"},\"query-input\":{\"@type\":\"PropertyValueSpecification\",\"valueRequired\":true,\"valueName\":\"search_term_string\"}}],\"inLanguage\":\"fr-FR\"},{\"@type\":\"Organization\",\"@id\":\"https:\/\/www.pizzalabellavita.fr\/#organization\",\"name\":\"Pizza La Bella Vita\",\"url\":\"https:\/\/www.pizzalabellavita.fr\/\",\"logo\":{\"@type\":\"ImageObject\",\"inLanguage\":\"fr-FR\",\"@id\":\"https:\/\/www.pizzalabellavita.fr\/#\/schema\/logo\/image\/\",\"url\":\"https:\/\/i2.wp.com\/www.pizzalabellavita.fr\/wp-content\/uploads\/2019\/03\/IMG_20190301_222527_01.jpg?fit=960%2C720&ssl=1\",\"contentUrl\":\"https:\/\/i2.wp.com\/www.pizzalabellavita.fr\/wp-content\/uploads\/2019\/03\/IMG_20190301_222527_01.jpg?fit=960%2C720&ssl=1\",\"width\":960,\"height\":720,\"caption\":\"Pizza La Bella Vita\"},\"image\":{\"@id\":\"https:\/\/www.pizzalabellavita.fr\/#\/schema\/logo\/image\/\"},\"sameAs\":[\"https:\/\/www.facebook.com\/pizzalabellavita\/\",\"https:\/\/x.com\/pizza_vita\",\"https:\/\/www.instagram.com\/pizzalabellavita\/\"]}]}<\/script>\n<!-- \/ Yoast SEO plugin. -->","yoast_head_json":{"title":"\u00c0 propos - La Bella Vita Pizza \u00e0 emporter","robots":{"index":"index","follow":"follow","max-snippet":"max-snippet:-1","max-image-preview":"max-image-preview:large","max-video-preview":"max-video-preview:-1"},"canonical":"https:\/\/www.pizzalabellavita.fr\/index.php\/a-propos\/","og_locale":"fr_FR","og_type":"article","og_title":"\u00c0 propos - La Bella Vita Pizza \u00e0 emporter","og_description":"Pizza \u00e0 emporter \u00e0 11\u20ac Cuites au feu de bois Fabrication de la p\u00e2te artisanale faite chaque jour par nos soins ! Je suis dans la cuisine italienne depuis plus de 15 ans. J&rsquo;ai \u00e9t\u00e9 form\u00e9 au restaurant gastronomique M\u00e9ridien Montparnasse \u00e0 Paris puis chef de cuisine \u00e0 21 ans au Fi Motel \u00e0 Cannes. &hellip; Continuer la lecture de &laquo;&nbsp;\u00c0 propos&nbsp;&raquo;","og_url":"https:\/\/www.pizzalabellavita.fr\/index.php\/a-propos\/","og_site_name":"La Bella Vita Pizza \u00e0 emporter","article_publisher":"https:\/\/www.facebook.com\/pizzalabellavita\/","article_modified_time":"2022-04-05T12:35:16+00:00","og_image":[{"url":"https:\/\/www.pizzalabellavita.fr\/wp-content\/uploads\/2019\/03\/IMG_20190301_195816-1-e1552236422834-1024x768.jpg","type":"","width":"","height":""}],"twitter_card":"summary_large_image","twitter_site":"@pizza_vita","twitter_misc":{"Dur\u00e9e de lecture estim\u00e9e":"1 minute"},"schema":{"@context":"https:\/\/schema.org","@graph":[{"@type":"WebPage","@id":"https:\/\/www.pizzalabellavita.fr\/index.php\/a-propos\/","url":"https:\/\/www.pizzalabellavita.fr\/index.php\/a-propos\/","name":"\u00c0 propos - La Bella Vita Pizza \u00e0 emporter","isPartOf":{"@id":"https:\/\/www.pizzalabellavita.fr\/#website"},"primaryImageOfPage":{"@id":"https:\/\/www.pizzalabellavita.fr\/index.php\/a-propos\/#primaryimage"},"image":{"@id":"https:\/\/www.pizzalabellavita.fr\/index.php\/a-propos\/#primaryimage"},"thumbnailUrl":"https:\/\/www.pizzalabellavita.fr\/wp-content\/uploads\/2019\/03\/IMG_20190301_195816-1-e1552236422834-1024x768.jpg","datePublished":"2018-09-14T14:10:27+00:00","dateModified":"2022-04-05T12:35:16+00:00","breadcrumb":{"@id":"https:\/\/www.pizzalabellavita.fr\/index.php\/a-propos\/#breadcrumb"},"inLanguage":"fr-FR","potentialAction":[{"@type":"ReadAction","target":["https:\/\/www.pizzalabellavita.fr\/index.php\/a-propos\/"]}]},{"@type":"ImageObject","inLanguage":"fr-FR","@id":"https:\/\/www.pizzalabellavita.fr\/index.php\/a-propos\/#primaryimage","url":"https:\/\/i0.wp.com\/www.pizzalabellavita.fr\/wp-content\/uploads\/2019\/03\/IMG_20190301_195816-1-e1552236422834.jpg?fit=4608%2C3456&ssl=1","contentUrl":"https:\/\/i0.wp.com\/www.pizzalabellavita.fr\/wp-content\/uploads\/2019\/03\/IMG_20190301_195816-1-e1552236422834.jpg?fit=4608%2C3456&ssl=1","width":4608,"height":3456},{"@type":"BreadcrumbList","@id":"https:\/\/www.pizzalabellavita.fr\/index.php\/a-propos\/#breadcrumb","itemListElement":[{"@type":"ListItem","position":1,"name":"Accueil","item":"https:\/\/www.pizzalabellavita.fr\/"},{"@type":"ListItem","position":2,"name":"\u00c0 propos"}]},{"@type":"WebSite","@id":"https:\/\/www.pizzalabellavita.fr\/#website","url":"https:\/\/www.pizzalabellavita.fr\/","name":"Pizza La Bella Vita","description":"Toutes mes pizzas sont \u00e0 11\u20ac","publisher":{"@id":"https:\/\/www.pizzalabellavita.fr\/#organization"},"potentialAction":[{"@type":"SearchAction","target":{"@type":"EntryPoint","urlTemplate":"https:\/\/www.pizzalabellavita.fr\/?s={search_term_string}"},"query-input":{"@type":"PropertyValueSpecification","valueRequired":true,"valueName":"search_term_string"}}],"inLanguage":"fr-FR"},{"@type":"Organization","@id":"https:\/\/www.pizzalabellavita.fr\/#organization","name":"Pizza La Bella Vita","url":"https:\/\/www.pizzalabellavita.fr\/","logo":{"@type":"ImageObject","inLanguage":"fr-FR","@id":"https:\/\/www.pizzalabellavita.fr\/#\/schema\/logo\/image\/","url":"https:\/\/i2.wp.com\/www.pizzalabellavita.fr\/wp-content\/uploads\/2019\/03\/IMG_20190301_222527_01.jpg?fit=960%2C720&ssl=1","contentUrl":"https:\/\/i2.wp.com\/www.pizzalabellavita.fr\/wp-content\/uploads\/2019\/03\/IMG_20190301_222527_01.jpg?fit=960%2C720&ssl=1","width":960,"height":720,"caption":"Pizza La Bella Vita"},"image":{"@id":"https:\/\/www.pizzalabellavita.fr\/#\/schema\/logo\/image\/"},"sameAs":["https:\/\/www.facebook.com\/pizzalabellavita\/","https:\/\/x.com\/pizza_vita","https:\/\/www.instagram.com\/pizzalabellavita\/"]}]}},"jetpack_sharing_enabled":true,"jetpack_shortlink":"https:\/\/wp.me\/PaNriD-O","jetpack_likes_enabled":true,"_links":{"self":[{"href":"https:\/\/www.pizzalabellavita.fr\/index.php\/wp-json\/wp\/v2\/pages\/50","targetHints":{"allow":["GET"]}}],"collection":[{"href":"https:\/\/www.pizzalabellavita.fr\/index.php\/wp-json\/wp\/v2\/pages"}],"about":[{"href":"https:\/\/www.pizzalabellavita.fr\/index.php\/wp-json\/wp\/v2\/types\/page"}],"author":[{"embeddable":true,"href":"https:\/\/www.pizzalabellavita.fr\/index.php\/wp-json\/wp\/v2\/users\/1"}],"replies":[{"embeddable":true,"href":"https:\/\/www.pizzalabellavita.fr\/index.php\/wp-json\/wp\/v2\/comments?post=50"}],"version-history":[{"count":18,"href":"https:\/\/www.pizzalabellavita.fr\/index.php\/wp-json\/wp\/v2\/pages\/50\/revisions"}],"predecessor-version":[{"id":487,"href":"https:\/\/www.pizzalabellavita.fr\/index.php\/wp-json\/wp\/v2\/pages\/50\/revisions\/487"}],"wp:attachment":[{"href":"https:\/\/www.pizzalabellavita.fr\/index.php\/wp-json\/wp\/v2\/media?parent=50"}],"curies":[{"name":"wp","href":"https:\/\/api.w.org\/{rel}","templated":true}]}}